{"id":1832,"date":"2024-05-05T18:44:03","date_gmt":"2024-05-05T16:44:03","guid":{"rendered":"https:\/\/molitormusicschool.hu\/?page_id=1832"},"modified":"2024-12-11T12:02:33","modified_gmt":"2024-12-11T11:02:33","slug":"molitor-eva","status":"publish","type":"page","link":"https:\/\/molitormusicschool.hu\/en\/molitor-eva\/","title":{"rendered":"\u00c9va Molitor"},"content":{"rendered":"<div data-elementor-type=\"wp-page\" data-elementor-id=\"1832\" class=\"elementor elementor-1832\" data-elementor-post-type=\"page\">\n\t\t\t\t\t\t<section class=\"elementor-section elementor-top-section elementor-element elementor-element-89b62dd elementor-section-height-min-height elementor-section-boxed elementor-section-height-default elementor-section-items-middle\" data-id=\"89b62dd\" data-element_type=\"section\" data-e-type=\"section\" data-settings=\"{&quot;background_background&quot;:&quot;classic&quot;,&quot;shape_divider_bottom&quot;:&quot;mountains&quot;}\">\n\t\t\t\t\t\t\t<div class=\"elementor-background-overlay\"><\/div>\n\t\t\t\t\t\t<div class=\"elementor-shape elementor-shape-bottom\" aria-hidden=\"true\" data-negative=\"false\">\n\t\t\t<svg xmlns=\"http:\/\/www.w3.org\/2000\/svg\" viewbox=\"0 0 1000 100\" preserveaspectratio=\"none\">\n\t<path class=\"elementor-shape-fill\" opacity=\"0.33\" d=\"M473,67.3c-203.9,88.3-263.1-34-320.3,0C66,119.1,0,59.7,0,59.7V0h1000v59.7 c0,0-62.1,26.1-94.9,29.3c-32.8,3.3-62.8-12.3-75.8-22.1C806,49.6,745.3,8.7,694.9,4.7S492.4,59,473,67.3z\"\/>\n\t<path class=\"elementor-shape-fill\" opacity=\"0.66\" d=\"M734,67.3c-45.5,0-77.2-23.2-129.1-39.1c-28.6-8.7-150.3-10.1-254,39.1 s-91.7-34.4-149.2,0C115.7,118.3,0,39.8,0,39.8V0h1000v36.5c0,0-28.2-18.5-92.1-18.5C810.2,18.1,775.7,67.3,734,67.3z\"\/>\n\t<path class=\"elementor-shape-fill\" d=\"M766.1,28.9c-200-57.5-266,65.5-395.1,19.5C242,1.8,242,5.4,184.8,20.6C128,35.8,132.3,44.9,89.9,52.5C28.6,63.7,0,0,0,0 h1000c0,0-9.9,40.9-83.6,48.1S829.6,47,766.1,28.9z\"\/>\n<\/svg>\t\t<\/div>\n\t\t\t\t\t<div class=\"elementor-container elementor-column-gap-default\">\n\t\t\t\t\t<div class=\"elementor-column elementor-col-100 elementor-top-column elementor-element elementor-element-11e61b9\" data-id=\"11e61b9\" data-element_type=\"column\" data-e-type=\"column\">\n\t\t\t<div class=\"elementor-widget-wrap\">\n\t\t\t\t\t\t\t<\/div>\n\t\t<\/div>\n\t\t\t\t\t<\/div>\n\t\t<\/section>\n\t\t\t\t<section class=\"elementor-section elementor-top-section elementor-element elementor-element-9df3b83 elementor-section-boxed elementor-section-height-default elementor-section-height-default\" data-id=\"9df3b83\" data-element_type=\"section\" data-e-type=\"section\" data-settings=\"{&quot;background_background&quot;:&quot;classic&quot;}\">\n\t\t\t\t\t\t<div class=\"elementor-container elementor-column-gap-default\">\n\t\t\t\t\t<div class=\"elementor-column elementor-col-100 elementor-top-column elementor-element elementor-element-d7dfe1d\" data-id=\"d7dfe1d\" data-element_type=\"column\" data-e-type=\"column\">\n\t\t\t<div class=\"elementor-widget-wrap elementor-element-populated\">\n\t\t\t\t\t\t<div class=\"elementor-element elementor-element-01b1ee9 elementor-widget elementor-widget-heading\" data-id=\"01b1ee9\" data-element_type=\"widget\" data-e-type=\"widget\" data-widget_type=\"heading.default\">\n\t\t\t\t<div class=\"elementor-widget-container\">\n\t\t\t\t\t<h2 class=\"elementor-heading-title elementor-size-default\">Molitor \u00c9va: szakmai \u00f6n\u00e9letrajz<\/h2>\t\t\t\t<\/div>\n\t\t\t\t<\/div>\n\t\t\t\t<div class=\"elementor-element elementor-element-85d75aa elementor-widget elementor-widget-text-editor\" data-id=\"85d75aa\" data-element_type=\"widget\" data-e-type=\"widget\" data-widget_type=\"text-editor.default\">\n\t\t\t\t<div class=\"elementor-widget-container\">\n\t\t\t\t\t\t\t\t\t<p><strong>Munkahelyek<\/strong><\/p>\t\t\t\t\t\t\t\t<\/div>\n\t\t\t\t<\/div>\n\t\t\t\t<div class=\"elementor-element elementor-element-2eca1cd elementor-widget elementor-widget-text-editor\" data-id=\"2eca1cd\" data-element_type=\"widget\" data-e-type=\"widget\" data-widget_type=\"text-editor.default\">\n\t\t\t\t<div class=\"elementor-widget-container\">\n\t\t\t\t\t\t\t\t\t<p><span style=\"color: #9569dc;\"><em>M\u0171v\u00e9szeti vezet\u0151, \u00fcgyvezet\u0151 igazgat\u00f3<\/em><\/span><\/p><p>2019- folyamatosan<br \/><strong>Molitor Music School K\u00f6zhaszn\u00fa Nonprofit Kft.\u00a0 <\/strong><\/p><p><span style=\"color: #9569dc;\"><em>Zongoratan\u00e1r, korrepetitor az al\u00e1bbi int\u00e9zm\u00e9nyekben:<\/em><\/span><\/p><p>2007-folyamatosan\u00a0\u00a0\u00a0\u00a0\u00a0\u00a0\u00a0\u00a0\u00a0\u00a0 <br \/><strong>N\u00e9meth L\u00e1szl\u00f3 Alapfok\u00fa M\u0171v\u00e9szetoktat\u00e1si Int\u00e9zm\u00e9ny, G\u00f6d<\/strong><\/p><p>2005-2007\u00a0\u00a0\u00a0\u00a0\u00a0\u00a0\u00a0\u00a0\u00a0\u00a0\u00a0\u00a0\u00a0\u00a0\u00a0\u00a0\u00a0\u00a0\u00a0\u00a0\u00a0\u00a0\u00a0\u00a0\u00a0 <strong><br \/>\u00d3budai Waldorf Iskola <\/strong><\/p><p>2004-2007\u00a0\u00a0\u00a0\u00a0\u00a0\u00a0\u00a0\u00a0\u00a0\u00a0\u00a0\u00a0\u00a0\u00a0\u00a0\u00a0\u00a0\u00a0\u00a0\u00a0\u00a0\u00a0\u00a0\u00a0\u00a0 <br \/><strong>Prim Alapfok\u00fa M\u0171v\u00e9szetoktat\u00e1si Int\u00e9zm\u00e9ny<\/strong><\/p><p>2001-2004\u00a0\u00a0\u00a0\u00a0\u00a0\u00a0\u00a0\u00a0\u00a0\u00a0\u00a0\u00a0\u00a0\u00a0\u00a0\u00a0\u00a0\u00a0\u00a0\u00a0\u00a0\u00a0\u00a0\u00a0\u00a0 <br \/><strong>Fischer Annie Zeneiskola, Budapest<\/strong><\/p><p>1988-1990\u00a0\u00a0\u00a0\u00a0\u00a0\u00a0\u00a0\u00a0\u00a0\u00a0\u00a0\u00a0\u00a0\u00a0\u00a0\u00a0\u00a0\u00a0\u00a0\u00a0\u00a0\u00a0\u00a0\u00a0\u00a0 <br \/><strong>Szigetv\u00e1ri, Koml\u00f3i \u00e9s Sellyei Zeneiskola <\/strong>(k\u00e9pes\u00edt\u00e9s n\u00e9lk\u00fcl)<\/p>\t\t\t\t\t\t\t\t<\/div>\n\t\t\t\t<\/div>\n\t\t\t\t<div class=\"elementor-element elementor-element-85b2731 elementor-widget elementor-widget-text-editor\" data-id=\"85b2731\" data-element_type=\"widget\" data-e-type=\"widget\" data-widget_type=\"text-editor.default\">\n\t\t\t\t<div class=\"elementor-widget-container\">\n\t\t\t\t\t\t\t\t\t<p><strong>Tanulm\u00e1nyok<\/strong><\/p>\t\t\t\t\t\t\t\t<\/div>\n\t\t\t\t<\/div>\n\t\t\t\t<div class=\"elementor-element elementor-element-777a2da elementor-widget elementor-widget-text-editor\" data-id=\"777a2da\" data-element_type=\"widget\" data-e-type=\"widget\" data-widget_type=\"text-editor.default\">\n\t\t\t\t<div class=\"elementor-widget-container\">\n\t\t\t\t\t\t\t\t\t<p>1993-1998\u00a0\u00a0\u00a0\u00a0\u00a0\u00a0\u00a0\u00a0\u00a0\u00a0\u00a0\u00a0\u00a0\u00a0\u00a0\u00a0\u00a0\u00a0\u00a0\u00a0\u00a0\u00a0\u00a0\u00a0\u00a0 <br \/><strong>Leopold Mozart Zeneakad\u00e9mia<\/strong>, N\u00e9metorsz\u00e1g, Augsburg<br \/>Katholische Akademische Ausl\u00e4nder Dienst \u00d6szt\u00f6nd\u00edjas hallgat\u00f3<\/p><p>1990-1993\u00a0\u00a0\u00a0\u00a0\u00a0\u00a0\u00a0\u00a0\u00a0\u00a0\u00a0\u00a0\u00a0\u00a0\u00a0\u00a0\u00a0\u00a0\u00a0\u00a0\u00a0\u00a0\u00a0\u00a0\u00a0 <br \/><strong>Liszt Ferenc Zenem\u0171v\u00e9szeti F\u0151iskola <\/strong>P\u00e9csi tagzatot <br \/>Zongoratan\u00e1ri diploma<\/p><p>1983-1988\u00a0\u00a0\u00a0\u00a0\u00a0\u00a0\u00a0\u00a0\u00a0\u00a0\u00a0\u00a0\u00a0\u00a0\u00a0\u00a0\u00a0\u00a0\u00a0\u00a0\u00a0\u00a0\u00a0\u00a0\u00a0 <br \/><strong>P\u00e9csi M\u0171v\u00e9szeti Szakk\u00f6z\u00e9p Iskola,<\/strong> zongora f\u0151t\u00e1rgy<br \/>\u00c9retts\u00e9gi<\/p>\t\t\t\t\t\t\t\t<\/div>\n\t\t\t\t<\/div>\n\t\t\t\t<div class=\"elementor-element elementor-element-aaa0786 elementor-widget elementor-widget-text-editor\" data-id=\"aaa0786\" data-element_type=\"widget\" data-e-type=\"widget\" data-widget_type=\"text-editor.default\">\n\t\t\t\t<div class=\"elementor-widget-container\">\n\t\t\t\t\t\t\t\t\t<p><strong>M\u0171v\u00e9szeti tev\u00e9kenys\u00e9g<\/strong><\/p>\t\t\t\t\t\t\t\t<\/div>\n\t\t\t\t<\/div>\n\t\t\t\t<div class=\"elementor-element elementor-element-f888544 elementor-widget elementor-widget-text-editor\" data-id=\"f888544\" data-element_type=\"widget\" data-e-type=\"widget\" data-widget_type=\"text-editor.default\">\n\t\t\t\t<div class=\"elementor-widget-container\">\n\t\t\t\t\t\t\t\t\t<p>2024-t\u0151l<br \/>The<strong> Singing Lawyers Budapest<\/strong> zenei klub\/k\u00f3rus m\u0171v\u00e9szeti vezet\u0151je<\/p><p>2021-2024\u00a0 \u00a0 \u00a0 \u00a0 \u00a0 \u00a0 \u00a0 \u00a0 \u00a0 \u00a0 \u00a0 \u00a0 \u00a0 \u00a0<br \/>A Budapesti \u00dcgyv\u00e9di Kamara <strong>\u201ePr\u00f3k\u00e1-Torok\u201d<\/strong> k\u00f3rus\u00e1nak m\u0171v\u00e9szeti vezet\u0151je<\/p><p>2007-folyamatosan\u00a0\u00a0\u00a0\u00a0\u00a0\u00a0\u00a0\u00a0\u00a0\u00a0 <strong><br \/>Hangerdei Alkot\u00f3t\u00e1bor \u00e9s Koncertek<\/strong> m\u0171v\u00e9szeti vezet\u0151je<\/p><p>2016-folyamatosan\u00a0\u00a0\u00a0\u00a0\u00a0\u00a0\u00a0\u00a0\u00a0\u00a0 <br \/><strong><em>Sentiments Piano Duo<\/em><\/strong> \u2013 <a href=\"http:\/\/www.pianoduo.hu\">www.pianoduo.hu<\/a>, belf\u00f6ldi \u00e9s nemzetk\u00f6zi fell\u00e9p\u00e9sek,<\/p><p>2001- 2005\u00a0\u00a0\u00a0\u00a0\u00a0\u00a0\u00a0\u00a0\u00a0\u00a0\u00a0\u00a0\u00a0\u00a0\u00a0\u00a0\u00a0\u00a0\u00a0\u00a0\u00a0\u00a0\u00a0\u00a0 <br \/><strong><em>Oberfrank G\u00e9za<\/em><\/strong> a Magyar \u00c1llami Operah\u00e1z karnagya ir\u00e1ny\u00edt\u00e1s\u00e1val koncertek orsz\u00e1gszerte a Magyar \u00c1llami operah\u00e1z sz\u00f3list\u00e1ival, zongorak\u00eds\u00e9r\u0151\u00a0\u00a0\u00a0\u00a0<\/p><p>1993-2010\u00a0\u00a0\u00a0\u00a0\u00a0\u00a0\u00a0\u00a0\u00a0\u00a0\u00a0\u00a0\u00a0\u00a0\u00a0\u00a0\u00a0\u00a0\u00a0\u00a0\u00a0\u00a0\u00a0\u00a0\u00a0 <br \/><strong><em>Sz\u00f3l\u00f3 \u00e9s kamarakoncertek<br \/><\/em><\/strong>Augsburg, M\u00fcnchen, Salzburg, Ulm, Stuttgart, Bonn, D\u00fcsseldorf, B\u00e9cs<br \/>Olaszorsz\u00e1g: Liguria, Calabria<br \/>Magyarorsz\u00e1g: \u00d3budai T\u00e1rsask\u00f6r, Erkel sz\u00ednh\u00e1z, Dunapalota, P\u00e9cs Koml\u00f3, Szeged, Balaton<\/p>\t\t\t\t\t\t\t\t<\/div>\n\t\t\t\t<\/div>\n\t\t\t\t\t<\/div>\n\t\t<\/div>\n\t\t\t\t\t<\/div>\n\t\t<\/section>\n\t\t\t\t<section class=\"elementor-section elementor-top-section elementor-element elementor-element-92506db elementor-section-boxed elementor-section-height-default elementor-section-height-default\" data-id=\"92506db\" data-element_type=\"section\" data-e-type=\"section\" data-settings=\"{&quot;background_background&quot;:&quot;classic&quot;,&quot;shape_divider_bottom&quot;:&quot;mountains&quot;}\">\n\t\t\t\t\t<div class=\"elementor-shape elementor-shape-bottom\" aria-hidden=\"true\" data-negative=\"false\">\n\t\t\t<svg xmlns=\"http:\/\/www.w3.org\/2000\/svg\" viewbox=\"0 0 1000 100\" preserveaspectratio=\"none\">\n\t<path class=\"elementor-shape-fill\" opacity=\"0.33\" d=\"M473,67.3c-203.9,88.3-263.1-34-320.3,0C66,119.1,0,59.7,0,59.7V0h1000v59.7 c0,0-62.1,26.1-94.9,29.3c-32.8,3.3-62.8-12.3-75.8-22.1C806,49.6,745.3,8.7,694.9,4.7S492.4,59,473,67.3z\"\/>\n\t<path class=\"elementor-shape-fill\" opacity=\"0.66\" d=\"M734,67.3c-45.5,0-77.2-23.2-129.1-39.1c-28.6-8.7-150.3-10.1-254,39.1 s-91.7-34.4-149.2,0C115.7,118.3,0,39.8,0,39.8V0h1000v36.5c0,0-28.2-18.5-92.1-18.5C810.2,18.1,775.7,67.3,734,67.3z\"\/>\n\t<path class=\"elementor-shape-fill\" d=\"M766.1,28.9c-200-57.5-266,65.5-395.1,19.5C242,1.8,242,5.4,184.8,20.6C128,35.8,132.3,44.9,89.9,52.5C28.6,63.7,0,0,0,0 h1000c0,0-9.9,40.9-83.6,48.1S829.6,47,766.1,28.9z\"\/>\n<\/svg>\t\t<\/div>\n\t\t\t\t\t<div class=\"elementor-container elementor-column-gap-default\">\n\t\t\t\t\t<div class=\"elementor-column elementor-col-100 elementor-top-column elementor-element elementor-element-fc88f1c\" data-id=\"fc88f1c\" data-element_type=\"column\" data-e-type=\"column\">\n\t\t\t<div class=\"elementor-widget-wrap elementor-element-populated\">\n\t\t\t\t\t\t<div class=\"elementor-element elementor-element-bb29c1a elementor-widget elementor-widget-heading\" data-id=\"bb29c1a\" data-element_type=\"widget\" data-e-type=\"widget\" data-widget_type=\"heading.default\">\n\t\t\t\t<div class=\"elementor-widget-container\">\n\t\t\t\t\t<h2 class=\"elementor-heading-title elementor-size-default\">A szakmai \u00e9letutam<\/h2>\t\t\t\t<\/div>\n\t\t\t\t<\/div>\n\t\t\t\t<div class=\"elementor-element elementor-element-7e7e567 elementor-widget elementor-widget-text-editor\" data-id=\"7e7e567\" data-element_type=\"widget\" data-e-type=\"widget\" data-widget_type=\"text-editor.default\">\n\t\t\t\t<div class=\"elementor-widget-container\">\n\t\t\t\t\t\t\t\t\t<p><strong>Kezdeti l\u00e9p\u00e9sek\u2026<\/strong><\/p>\t\t\t\t\t\t\t\t<\/div>\n\t\t\t\t<\/div>\n\t\t\t\t<div class=\"elementor-element elementor-element-ba3385f elementor-widget elementor-widget-text-editor\" data-id=\"ba3385f\" data-element_type=\"widget\" data-e-type=\"widget\" data-widget_type=\"text-editor.default\">\n\t\t\t\t<div class=\"elementor-widget-container\">\n\t\t\t\t\t\t\t\t\t<p>Zongora ir\u00e1nti vonz\u00f3d\u00e1som 4 \u00e9ves koromt\u00f3l dat\u00e1lhat\u00f3, amikor \u201dmegbabon\u00e1zott\u201d nagymam\u00e1m hatalmas B\u00f6sendorfer zongor\u00e1ja. Sz\u00fcleim nem zen\u00e9szek, de mindketten tanultak zen\u00e9t. \u00c9desap\u00e1m profi szintig jutott, zenekarban is sok\u00e1ig j\u00e1tszott. Zenei tanulm\u00e1nyaimat a p\u00e9csi Liszt Ferenc Zeneiskol\u00e1ban kezdtem 7 \u00e9vesen.<\/p><p>1983-t\u00f3l a p\u00e9csi M\u0171v\u00e9szeti Szakk\u00f6z\u00e9piskol\u00e1ban folytattam tanulm\u00e1nyaimat, ahonnan \u00e9retts\u00e9gi ut\u00e1n 3 \u00e9v kihagy\u00e1ssal a P\u00e9csi Liszt Ferenc Zenem\u0171v\u00e9szeti F\u0151iskol\u00e1ra nyertem felv\u00e9telt. F\u0151iskola el\u0151tt \u00e9s alatt k\u00e9pes\u00edt\u00e9s n\u00e9lk\u00fcl tan\u00edtottam Szigetv\u00e1ron, Selly\u00e9n \u00e9s Koml\u00f3n. A tan\u00edt\u00e1s viszonylag hamar sikereket is hozott; 2 tehets\u00e9ges tan\u00edtv\u00e1nyommal megyei n\u00e9gykezes zongoraversenyen 1 helyez\u00e9st \u00e9rt\u00fcnk el. Ekkor m\u00e1r teljesen biztos voltam benne, hogy zen\u00e9l\u00e9ssel, tan\u00edt\u00e1ssal szeretn\u00e9k foglalkozni \u00e9letem sor\u00e1n.<\/p>\t\t\t\t\t\t\t\t<\/div>\n\t\t\t\t<\/div>\n\t\t\t\t<div class=\"elementor-element elementor-element-4f2afc4 elementor-widget elementor-widget-text-editor\" data-id=\"4f2afc4\" data-element_type=\"widget\" data-e-type=\"widget\" data-widget_type=\"text-editor.default\">\n\t\t\t\t<div class=\"elementor-widget-container\">\n\t\t\t\t\t\t\t\t\t<p><strong>N\u00e9metorsz\u00e1g, fantasztikus zenei k\u00f6rnyezet, \u00faj inspir\u00e1ci\u00f3k<\/strong><\/p>\t\t\t\t\t\t\t\t<\/div>\n\t\t\t\t<\/div>\n\t\t\t\t<div class=\"elementor-element elementor-element-4af8c39 elementor-widget elementor-widget-text-editor\" data-id=\"4af8c39\" data-element_type=\"widget\" data-e-type=\"widget\" data-widget_type=\"text-editor.default\">\n\t\t\t\t<div class=\"elementor-widget-container\">\n\t\t\t\t\t\t\t\t\t<p>Diploma ut\u00e1n Soros \u00e9s KAAD \u00f6szt\u00f6nd\u00edjask\u00e9nt 1993-ban az augsburgi Leopold Mozart Akad\u00e9mi\u00e1n folytattam tanulm\u00e1nyaimat, ahol \u00f6t csod\u00e1latos \u00e9vet t\u00f6lt\u00f6ttem. Az int\u00e9zm\u00e9nybe zongoratan\u00e1ri v\u00e9gzetts\u00e9ggel ker\u00fcltem, de a m\u00e1sodik \u00e9vt\u0151l a teljes k\u00e9pz\u00e9sre jelentkeztem, pedag\u00f3gi\u00e1t kiv\u00e9ve, mert m\u00e1r volt pedag\u00f3gusi v\u00e9gzetts\u00e9gem.<\/p><p>Jap\u00e1n zongoratan\u00e1rn\u0151m rendk\u00edv\u00fcli precizit\u00e1st k\u00f6vetelt, rengeteget tanultam t\u0151le. Kiv\u00e1l\u00f3 n\u00e9met, sv\u00e9d, koreai \u00e9s amerikai tan\u00e1rokt\u00f3l tanulhattam kamarazen\u00e9t, \u00f6sszhangzattant, zeneirodalmat, \u00e9nekes k\u00eds\u00e9retet; szerepl\u00e9sekre is volt b\u0151ven lehet\u0151s\u00e9g iskol\u00e1n bel\u00fcl \u00e9s k\u00edv\u00fcl is, \u00edgy nagy gyakorlatot szereztem a k\u00f6z\u00f6ns\u00e9g el\u0151tti szerepl\u00e9s ter\u00e9n.<\/p><p>N\u00e9met kamara partneremmel, aki k\u00e9s\u0151bb heged\u0171m\u0171v\u00e9szk\u00e9nt v\u00e9gzett, olasz koncert k\u00f6r\u00fatra kaptunk megh\u00edv\u00e1st, ahol heged\u0171-zongora szon\u00e1t\u00e1kat, sz\u00f3l\u00f3 darabokat adtunk el\u0151. Az olaszorsz\u00e1gi Lig\u00faria ter\u00fclet\u00e9n kb. 15 \u00e9ven kereszt\u00fcl adtunk kisebb-nagyobb helyeken koncerteket tavaszi \u00e9s ny\u00e1ri id\u0151szakban. Brahms, Prokofjev, Beethoven, Mozart, Bart\u00f3k, Grieg m\u0171veib\u0151l j\u00e1tszottuk legsz\u00edvesebben, de sok egy\u00e9b szerz\u0151t\u0151l is sz\u00e1mos darabot el\u0151adtunk.<\/p><p>1997-ben az olaszorsz\u00e1gi Cal\u00e1bri\u00e1ban, koncert k\u00f6r\u00fat keret\u00e9ben Kurt Weill &#8211; Bertold Brecht Koldusoper\u00e1j\u00e1t adtuk el\u0151 az akad\u00e9mi\u00e1n oktat\u00f3 amerikai zeneszerz\u0151 \u00e1tirat\u00e1ban, kamarazenekarral, ahol zongoristak\u00e9nt engem v\u00e1lasztottak a zenekarba.<\/p><p>Rengeteget foglalkoztattak, \u00e9nekesek, hangszeresek korrepetitorak\u00e9nt, \u00edgy fell\u00e9p\u00e9sek gyakran ad\u00f3dtak Augsburg, M\u00fcnchen, Ulm, Stuttgart, Bonn, Salzburg, v\u00e1rosokban. Magyark\u00e9nt azt \u00e9reztem, hogy nagyon megbecs\u00fclnek, szeretik azt a zeneis\u00e9get, melyet itthonr\u00f3l hoztam. A Zeneakad\u00e9mia nagy hangs\u00falyt fektetett arra, hogy a legtehets\u00e9gesebb di\u00e1kok j\u00f3l fizet\u0151 koncert fell\u00e9p\u00e9sekhez jussanak, \u00edgy \u00f6n\u00e1ll\u00f3an tudtam finansz\u00edrozni n\u00e9metorsz\u00e1gi tart\u00f3zkod\u00e1somat, az \u00f6szt\u00f6nd\u00edjam lej\u00e1rta ut\u00e1n is. <\/p><p>1998-ban fejeztem be tanulm\u00e1nyaimat Augsburgban, ahol a koncert szakot v\u00e9geztem el.<br \/>Kocert m\u0171sorom: <br \/>Bach: D-moll Partita<br \/>Beethoven: Apassionata<br \/>Liszt: H-moll ballada<br \/>Chopin: G-moll ballada<br \/>Bart\u00f3k: Allegro Barbaro<br \/>Chopin: C-moll et\u0171d<\/p>\t\t\t\t\t\t\t\t<\/div>\n\t\t\t\t<\/div>\n\t\t\t\t<div class=\"elementor-element elementor-element-3df5be6 elementor-widget elementor-widget-text-editor\" data-id=\"3df5be6\" data-element_type=\"widget\" data-e-type=\"widget\" data-widget_type=\"text-editor.default\">\n\t\t\t\t<div class=\"elementor-widget-container\">\n\t\t\t\t\t\t\t\t\t<p><strong>Koncertek a Magyar \u00c1llami operah\u00e1z sz\u00f3list\u00e1ival, elhelyezked\u00e9s a zeneoktat\u00e1sban<\/strong><\/p>\t\t\t\t\t\t\t\t<\/div>\n\t\t\t\t<\/div>\n\t\t\t\t<div class=\"elementor-element elementor-element-ab6dd17 elementor-widget elementor-widget-text-editor\" data-id=\"ab6dd17\" data-element_type=\"widget\" data-e-type=\"widget\" data-widget_type=\"text-editor.default\">\n\t\t\t\t<div class=\"elementor-widget-container\">\n\t\t\t\t\t\t\t\t\t<p>1999-ben sz\u00fcletett fiam, Magyarorsz\u00e1gra visszat\u00e9rt\u00fcnk f\u00e9rjemmel. 2001-t\u0151l a Fischer Anni Zeneiskol\u00e1ba h\u00edvtak tan\u00edtani \u00e9s korrepetitornak, helyettes\u00edt\u0151 tan\u00e1rk\u00e9nt 3 \u00e9vre.<\/p><p>Ugyanebben az id\u0151szakban 2001-2005 k\u00f6z\u00f6tt korrepet\u00edtork\u00e9nt \u00d3berfrank G\u00e9za operah\u00e1zi karnagy vezet\u00e9s\u00e9vel, budapesti operah\u00e1z sz\u00f3list\u00e1ival Erkel: B\u00e1nk B\u00e1n, Mascagni: Parasztbecs\u00fclet c. oper\u00e1j\u00e1nak zongor\u00e1s keresztmetszet\u00e9t t\u00f6bb v\u00e1rosban el\u0151adtuk orsz\u00e1gszerte. (Budapest: Erkel Sz\u00ednh\u00e1z, \u00d3budai T\u00e1rsask\u00f6r, Duna Palota, Szeged, P\u00e9cs, Beregf\u00fcrd\u0151)<\/p><p>Ezen k\u00edv\u00fcl t\u00f6bb opera estet k\u00eds\u00e9rtem ismert sz\u00f3list\u00e1kkal, akik a budapesti operah\u00e1z tagjai.<\/p><p>Az oper\u00e1k k\u00f6zel \u00e1llnak a sz\u00edvemhez, de kaptam operett, musical k\u00eds\u00e9reteket is, melyeket szint\u00e9n nagy \u00f6r\u00f6mmel v\u00e1llaltam. Sz\u00e9les reperto\u00e1rt ismerhettem meg, nagyon fontos r\u00e9sze volt \u00e9letemnek ez az id\u0151szaka.<\/p><p>Mai tud\u00e1somhoz, nagyban hozz\u00e1j\u00e1rul az a tapasztalat, lapr\u00f3l olvas\u00e1si k\u00e9szs\u00e9g, m\u0171vek gyors megtanul\u00e1sa, sz\u00e9les reperto\u00e1r ismeret, melyet ebben az id\u0151szakban szereztem. M\u0171vek zenei szerkezet\u00e9nek gyors \u00e9rtelmez\u00e9se, dinamikai kifejez\u0151eszk\u00f6z\u00f6k sz\u00e9les t\u00e1rh\u00e1za, hat\u00e9kony instrukci\u00f3k rengeteg seg\u00edts\u00e9get ny\u00fajtanak a zene tan\u00edt\u00e1s minden ter\u00fclet\u00e9n.<\/p><p>A koncertez\u00e9st r\u00f6vid id\u0151re fel kellett f\u00fcggesztenem, amikor egy baleset k\u00f6vetkezt\u00e9ben elt\u00f6rtem a v\u00e1llam \u00e9s k\u00e9t m\u0171t\u00e9t ut\u00e1n ujjra kellett tanulnom a legalapvet\u0151bb mozg\u00e1sokat.<\/p><p>2004-2007-ig a Pr\u00edm Alapfok\u00fa M\u0171v\u00e9szetoktat\u00e1si Int\u00e9zm\u00e9ny zongora tan\u00e1ra \u00e9s korrepetitora, valamint az \u00d3budai Waldorf Iskola euritmia korrepet\u00edtora voltam. A mozg\u00e1s zen\u00e9vel val\u00f3 k\u00eds\u00e9rete, a mozg\u00e1sokhoz alkalmazkod\u00f3 zen\u00e9k kiv\u00e1laszt\u00e1sa \u00faj kih\u00edv\u00e1st jelentett.<\/p><p>2007-t\u0151l a g\u00f6di N\u00e9meth L\u00e1szl\u00f3 Alapfok\u00fa M\u0171v\u00e9szeti int\u00e9zm\u00e9ny zongora tan\u00e1ra \u00e9s korrepetitorak\u00e9nt dolgozom f\u00e9l \u00e1ll\u00e1sban. Budapesten emellett priv\u00e1t tanszakomon gyerekeket, feln\u0151tteket, kezd\u0151ket, halad\u00f3kat tan\u00edtok, ahol zongor\u00e1n k\u00edv\u00fcl szolf\u00e9zst, zeneelm\u00e9letet oktatok, felv\u00e9telikre k\u00e9sz\u00edtem fel tan\u00edtv\u00e1nyaimat. K\u00f6z\u00fcl\u00fck t\u00f6bben Bart\u00f3k konzervat\u00f3riumba mentek, egy tan\u00edtv\u00e1nyom zeneakad\u00e9mi\u00e1n v\u00e9gzett.<\/p>\t\t\t\t\t\t\t\t<\/div>\n\t\t\t\t<\/div>\n\t\t\t\t<div class=\"elementor-element elementor-element-fe15fa1 elementor-widget elementor-widget-text-editor\" data-id=\"fe15fa1\" data-element_type=\"widget\" data-e-type=\"widget\" data-widget_type=\"text-editor.default\">\n\t\t\t\t<div class=\"elementor-widget-container\">\n\t\t\t\t\t\t\t\t\t<p><strong>Kis l\u00e9tsz\u00e1m\u00fa \u201ecsal\u00e1dias\u201d t\u00e1borokt\u00f3l a telth\u00e1zas koncertekig<\/strong><\/p>\t\t\t\t\t\t\t\t<\/div>\n\t\t\t\t<\/div>\n\t\t\t\t<div class=\"elementor-element elementor-element-8e76173 elementor-widget elementor-widget-text-editor\" data-id=\"8e76173\" data-element_type=\"widget\" data-e-type=\"widget\" data-widget_type=\"text-editor.default\">\n\t\t\t\t<div class=\"elementor-widget-container\">\n\t\t\t\t\t\t\t\t\t<p>Munk\u00e1mat egy\u00e9b tevek\u00e9nys\u00e9gek is sz\u00ednes\u00edtik. 2006-t\u00f3l tan\u00edtv\u00e1nyaim sz\u00e1m\u00e1ra ny\u00e1ri zenei t\u00e1borokat szervezek az orsz\u00e1g k\u00fcl\u00f6nb\u00f6z\u0151 ter\u00fcletein. Az eleinte 7-9 \u00e9ves gyerekekb\u0151l \u00e1ll\u00f3, m\u00e1ra 40 f\u0151s t\u00e1borokk\u00e1 d\u00fazzadt ny\u00e1ri \u201dHangerdei Alkot\u00f3t\u00e1borom\u201d\u00a0 9-24 \u00e9ves fiatalok intenz\u00edv zeneoktat\u00e1s\u00e1t, koncertez\u00e9si lehet\u0151s\u00e9g\u00e9nek megszervez\u00e9s\u00e9t t\u0171zte ki c\u00e9lul. T\u00e1borunk f\u0151 c\u00e9lja, hogy egy olyan akt\u00edv zen\u00e9vel t\u00f6lt\u00f6tt hetet biztos\u00edtson, ahol n\u00e9pzene, renesz\u00e1nsz, ig\u00e9nyes jazz, pop, rock, \u201dCrossover\u201d &#8211; zenei m\u0171fajok, k\u00fcl\u00f6nb\u00f6z\u0151 zenei st\u00edlusok j\u00f3l megf\u00e9rnek egym\u00e1s mellett.<\/p><p>Feladatunknak tekintj\u00fck, hogy ezekben a st\u00edlusokban is seg\u00edts\u00fck felismerni az \u00e9rt\u00e9keset, ig\u00e9nyeset. <br \/>B\u00e1tran v\u00e1llaljuk, hogy a j\u00f3 zene nem k\u00f6t\u0151dik m\u0171fajokhoz!<\/p><p>Alkot\u00f3 t\u00e1borainkat\u00a0 az \u00f6r\u00f6mteli zene\u00f3r\u00e1k, a magasan k\u00e9pzett m\u0171v\u00e9sztan\u00e1rok jelenl\u00e9te \u00e9s odaad\u00f3 munk\u00e1ja teszi sikeress\u00e9. T\u00e1borz\u00e1r\u00e1sk\u00e9nt m\u0171vel\u0151d\u00e9si h\u00e1zakban, koncert termekben minden \u00e9vben nagyszab\u00e1s\u00fa nyilv\u00e1nosan meghirdetett telth\u00e1zas koncerteken mutathatj\u00e1k be a fiatalok tud\u00e1suk legjav\u00e1t.<\/p><p>A n\u00f6vekv\u0151 l\u00e9tsz\u00e1m\u00fa t\u00e1borok, egyre profibb hangz\u00e1s, zenei appar\u00e1tus sz\u00fcks\u00e9gess\u00e9ge, koncert fell\u00e9p\u00e9sek szervez\u00e9se sz\u00fcks\u00e9gess\u00e9 tett\u00e9k egy olyan anyagi h\u00e1tt\u00e9r megteremt\u00e9s\u00e9t, mellyel el tudjuk v\u00e1llalni a nagyon megtisztel\u0151, \u00e1m igen nagy k\u00f6lts\u00e9ggel j\u00e1r\u00f3 felk\u00e9r\u00e9seket; az utaz\u00e1s, sz\u00e1ll\u00e1s, \u00e9tkez\u00e9s k\u00f6lts\u00e9geit a sz\u00fcl\u0151kt\u0151l m\u00e1r nem lehet elv\u00e1rni.<\/p><p>F\u00e9rjem seg\u00edts\u00e9g\u00e9vel c\u00e9get hoztunk l\u00e9tre, \u00edgy 2019-t\u0151l a Molitor Music School K\u00f6zhaszn\u00fa \u00e9s Nonprofit KFT \u00fcgyvezet\u0151 igazgat\u00f3jak\u00e9nt szervezem t\u00e1boraimat, \u00e9s az \u0151szi, t\u00e9li, tavaszi \u201eWorkshop-t\u201d koncerteket, fell\u00e9p\u00e9seket G\u00f6d\u00f6n, Zebeg\u00e9nyben, Balatonon, Dunapatajon \u00e9s egy\u00e9b vid\u00e9ki helysz\u00edneken.<\/p><p>T\u00e1boraimhoz a Molitor Music School K\u00f6zhaszn\u00fa \u00e9s Nonprofit Kft minden \u00e9vben nagyobb \u00f6sszeggel hozz\u00e1j\u00e1rul, hiszen a koncerttermek b\u00e9rl\u00e9se, hangos\u00edt\u00e1s, hangszerek v\u00e1s\u00e1rl\u00e1sa, utaz\u00e1si k\u00f6lts\u00e9gek, egyre nagyobb terhet r\u00f3nak a sz\u00fcl\u0151kre.<\/p>\t\t\t\t\t\t\t\t<\/div>\n\t\t\t\t<\/div>\n\t\t\t\t<div class=\"elementor-element elementor-element-da2fbc9 elementor-widget elementor-widget-text-editor\" data-id=\"da2fbc9\" data-element_type=\"widget\" data-e-type=\"widget\" data-widget_type=\"text-editor.default\">\n\t\t\t\t<div class=\"elementor-widget-container\">\n\t\t\t\t\t\t\t\t\t<p><strong>Sentiments Piano Du\u00f3<\/strong><\/p>\t\t\t\t\t\t\t\t<\/div>\n\t\t\t\t<\/div>\n\t\t\t\t<div class=\"elementor-element elementor-element-a9464a3 elementor-widget elementor-widget-text-editor\" data-id=\"a9464a3\" data-element_type=\"widget\" data-e-type=\"widget\" data-widget_type=\"text-editor.default\">\n\t\t\t\t<div class=\"elementor-widget-container\">\n\t\t\t\t\t\t\t\t\t<p>A t\u00e1borok \u00e9s a tan\u00edt\u00e1s mellett m\u00e1sik fontos tev\u00e9kenys\u00e9gem a f\u00e9rjemmel alap\u00edtott \u201dSentiments Piano Du\u00f3\u201d, melyben ig\u00e9nyes jazz, musical, operett, \u00e9s egy\u00e9b n\u00e9pszer\u0171, \u00f6r\u00f6kz\u00f6ldek 2 zongor\u00e1s \u00e1tiratait adjuk el\u0151. Jog\u00e1szb\u00e1lokon, konferenci\u00e1kon, n\u00edv\u00f3s rendezv\u00e9nyeken l\u00e9p\u00fcnk fel, Magyarorsz\u00e1gon \u00e9s k\u00fclf\u00f6ld\u00f6n egyar\u00e1nt, melynek bev\u00e9teleit teljes eg\u00e9sz\u00e9ben a t\u00e1boraimban r\u00e9sztvev\u0151 tehets\u00e9ges gyermekek t\u00e1mogat\u00e1s\u00e1ra ford\u00edtok. Az \u00e1tiratok egy r\u00e9sz\u00e9t r\u00e9gebben kiv\u00e1l\u00f3 hazai jazz zongorista k\u00e9sz\u00edtette sz\u00e1munkra, ma m\u00e1r \u00e9n \u00edrom meg az \u00e1tiratokat. Az akt\u00edv zen\u00e9l\u00e9s, koncert lehet\u0151s\u00e9gek, melyekre felk\u00e9rik du\u00f3nkat fitten tartja tud\u00e1somat, hobbimnak is tekintem, rengeteg \u00f6r\u00f6met ad.<\/p><p>Jazz ir\u00e1nt 2010 t\u00e1j\u00e9k\u00e1n kezdtem \u00e9rdekl\u0151dni, mert \u00fagy \u00e9reztem, hogy ez az a m\u0171faj, ahol az improviz\u00e1ci\u00f3s lehet\u0151s\u00e9gek a legt\u00e1gabbak. <\/p><p>2013-ban egy improviz\u00e1ci\u00f3s tov\u00e1bbk\u00e9pz\u00e9s ut\u00e1n rengeteg inspir\u00e1ci\u00f3t kaptam arra vonatkoz\u00f3an, hogy a klasszikus zene oktat\u00e1s\u00e1ba hogyan lehet improviz\u00e1ci\u00f3s elemeket beiktatni. A tanultakat nagy \u00f6r\u00f6mmel alkalmazom a napi szint\u0171 oktat\u00e1sban. A jazzben megtanult m\u00f3dszerek \u00e9s a klasszikus zene improviz\u00e1ci\u00f3s lehet\u0151s\u00e9geinek kiakn\u00e1z\u00e1sa, alkalmaz\u00e1sa hat\u00e9kony eszk\u00f6z kezd\u0151k, halad\u00f3k, gyermekek, feln\u0151ttek oktat\u00e1s\u00e1ban.<\/p>\t\t\t\t\t\t\t\t<\/div>\n\t\t\t\t<\/div>\n\t\t\t\t<div class=\"elementor-element elementor-element-af98cd7 elementor-widget elementor-widget-text-editor\" data-id=\"af98cd7\" data-element_type=\"widget\" data-e-type=\"widget\" data-widget_type=\"text-editor.default\">\n\t\t\t\t<div class=\"elementor-widget-container\">\n\t\t\t\t\t\t\t\t\t<p><strong>Egy fantasztikus jazz zongorista \u2013 zeneszerz\u0151 &#8211; zeneelm\u00e9let tan\u00e1rral val\u00f3 tal\u00e1lkoz\u00e1s hat\u00e1sai<\/strong><\/p>\t\t\t\t\t\t\t\t<\/div>\n\t\t\t\t<\/div>\n\t\t\t\t<div class=\"elementor-element elementor-element-abae171 elementor-widget elementor-widget-text-editor\" data-id=\"abae171\" data-element_type=\"widget\" data-e-type=\"widget\" data-widget_type=\"text-editor.default\">\n\t\t\t\t<div class=\"elementor-widget-container\">\n\t\t\t\t\t\t\t\t\t<p>Szint\u00e9n fontos \u00e1llom\u00e1sa volt \u00e9letemnek, amikor lehet\u0151s\u00e9gem volt \u00f3r\u00e1kat venni Esze Jen\u0151 (Magyar K\u00f6zt\u00e1rsas\u00e1gi Ez\u00fcst \u00c9rdemkereszt, Artisjus-d\u00edjjal kit\u0171ntetett) pedag\u00f3gust\u00f3l, aki hihetetlen tud\u00e1s\u00e1val, virtuozit\u00e1s\u00e1val teljesen leny\u0171g\u00f6z\u00f6tt. Olyan m\u00f3dszertant dolgozott ki, amelynek nyom\u00e1n k\u00e9pess\u00e9 v\u00e1ltam t\u00e1nc zenei ritmusok, jazz harm\u00f3ni\u00e1k meg\u00e9rt\u00e9s\u00e9re, j\u00e1tsz\u00e1s\u00e1ra. 42 \u00e9vesen, m\u00e1r rengeteg munk\u00e1m volt, de \u00edgy is megtettem mindent, hogy id\u0151t sz\u00e1njak a priv\u00e1t jazz \u00f3r\u00e1kra val\u00f3 felk\u00e9sz\u00fcl\u00e9sre. Rengeteget profit\u00e1ltam szakmailag \u00e9s emberileg ezekb\u0151l az \u00f3r\u00e1kb\u00f3l, ami teljesen m\u00e1s m\u00f3dszertannal m\u0171k\u00f6d\u00f6tt, mint, amit a klasszikus oktat\u00e1sban megismertem \u00e9s alkalmaztam.\u00a0<\/p><p>A saj\u00e1t tan\u00edt\u00e1som sor\u00e1n magam is k\u00eds\u00e9reteket \u00edrok, improviz\u00e1lok szinte mindenhez, ha ez a tanul\u00e1st seg\u00edti, vagy a g\u00e1tl\u00e1sokat feloldja, j\u00f3kedvre der\u00edt. Meggy\u0151z\u0151d\u00e9sem, hogy a tan\u00e1r szem\u00e9lyis\u00e9ge, j\u00f3 kedve, pozit\u00edv hozz\u00e1\u00e1ll\u00e1sa felemel\u0151 \u00e9s biztons\u00e1got ad\u00f3 \u00e9rz\u00e9s. \u00d3r\u00e1imon gyakran veszem \u00e9szre, hogy szinte ugyanazokat a mondatokat haszn\u00e1lom, amiket mesteremt\u0151l hallottam t\u00f6bb \u00e9ven kereszt\u00fcl, amikor hozz\u00e1 j\u00e1rhattam \u00f3r\u00e1kra.<\/p>\t\t\t\t\t\t\t\t<\/div>\n\t\t\t\t<\/div>\n\t\t\t\t<div class=\"elementor-element elementor-element-7ea3a99 elementor-widget elementor-widget-text-editor\" data-id=\"7ea3a99\" data-element_type=\"widget\" data-e-type=\"widget\" data-widget_type=\"text-editor.default\">\n\t\t\t\t<div class=\"elementor-widget-container\">\n\t\t\t\t\t\t\t\t\t<p><strong>Zeneiskolai oktat\u00e1s<\/strong><\/p>\t\t\t\t\t\t\t\t<\/div>\n\t\t\t\t<\/div>\n\t\t\t\t<div class=\"elementor-element elementor-element-18d66e0 elementor-widget elementor-widget-text-editor\" data-id=\"18d66e0\" data-element_type=\"widget\" data-e-type=\"widget\" data-widget_type=\"text-editor.default\">\n\t\t\t\t<div class=\"elementor-widget-container\">\n\t\t\t\t\t\t\t\t\t<p>A zeneiskolai oktat\u00e1sban idom\u00edt\u00e1s helyett \u00f6n\u00e1ll\u00f3s\u00e1gra vezetem r\u00e1 a tanul\u00f3t, olyan eszk\u00f6z\u00f6ket adok a kez\u00e9be, mellyel maga is elboldogul hossz\u00fat\u00e1von, amikor m\u00e1r befejezte tanulm\u00e1nyait.<\/p><p>A di\u00e1kok boldogan j\u00e1rnak hozz\u00e1m, sikeresen szerepelnek koncerteken, zongoraversenyeken, rendezv\u00e9nyeken. Az anyag megv\u00e1laszt\u00e1s\u00e1ban mindig t\u00f6rekszem a legmodernebb, \u00e1ltalam leghat\u00e9konyabbnak tartott kott\u00e1k seg\u00edts\u00e9g\u00e9t ig\u00e9nybe venni. T\u00e1j\u00e9koz\u00f3dom az \u00fajdons\u00e1gokr\u00f3l, napra k\u00e9szen tartanom ismereteimet, v\u00e1ltozatoss\u00e1gra t\u00f6rekszem a tan\u00edt\u00e1si m\u00f3dszereimet tekintve. Ker\u00fcl\u00f6m a megszok\u00e1sokat, r\u00e9gi, elavult m\u00f3dszereket, kott\u00e1kat, mindig a tan\u00edtv\u00e1nyok k\u00e9pess\u00e9geihez, szorgalm\u00e1hoz, \u00e9rdekl\u0151d\u00e9s\u00e9hez m\u00e9rten adom a feladatokat. A bels\u0151 motiv\u00e1ci\u00f3 \u00e9s a k\u00edv\u00e1ncsis\u00e1g, \u00e9rdekl\u0151d\u00e9s folyamatos fenntart\u00e1sa a legfontosabb sz\u00e1momra.<\/p>\t\t\t\t\t\t\t\t<\/div>\n\t\t\t\t<\/div>\n\t\t\t\t<div class=\"elementor-element elementor-element-edd2462 elementor-widget elementor-widget-text-editor\" data-id=\"edd2462\" data-element_type=\"widget\" data-e-type=\"widget\" data-widget_type=\"text-editor.default\">\n\t\t\t\t<div class=\"elementor-widget-container\">\n\t\t\t\t\t\t\t\t\t<p><strong>Budapesti \u00dcgyv\u00e9di Kamara k\u00f3rus\u00e1nak vezet\u00e9se<\/strong><\/p>\t\t\t\t\t\t\t\t<\/div>\n\t\t\t\t<\/div>\n\t\t\t\t<div class=\"elementor-element elementor-element-d1d60fc elementor-widget elementor-widget-text-editor\" data-id=\"d1d60fc\" data-element_type=\"widget\" data-e-type=\"widget\" data-widget_type=\"text-editor.default\">\n\t\t\t\t<div class=\"elementor-widget-container\">\n\t\t\t\t\t\t\t\t\t<p>2021 szeptember\u00e9t\u0151l munk\u00e1mat egy \u00fajabb tev\u00e9kenys\u00e9g eg\u00e9sz\u00edti ki. Felk\u00e9r\u00e9st kaptam a budapesti \u00dcgyv\u00e9di Kamara eln\u00f6k\u00e9t\u0151l, hogy v\u00e1llaljam az \u00fcgyv\u00e9dek k\u00f3rus\u00e1nak vezet\u00e9s\u00e9t, kar\u00e1csonyi koncertprogram betan\u00edt\u00e1s\u00e1t. A k\u00f3rusra eredetileg 39-n jelentkeztek, ma 57 tagja van a k\u00f3rusnak. A klasszikus k\u00f3rusm\u0171vek mellett els\u0151sorban n\u00e9pszer\u0171 zen\u00e9k \u00e1tiratait k\u00e9sz\u00edtem el \u00e9s tan\u00edtom be a k\u00f3rustagoknak. Zongoristak\u00e9nt mindig k\u00eds\u00e9rettel l\u00e1tom el a darabokat, ami g\u00f6rd\u00fcl\u00e9kenny\u00e9, hat\u00e9konny\u00e1 teszi a tan\u00edt\u00e1st \u00e9s az anyag megtanul\u00e1s\u00e1t.<\/p><p>Van n\u00e9h\u00e1ny hangszeren j\u00e1tsz\u00f3 tagunk is, \u00edgy a heged\u0171, blockfl\u0151te, furulya, fuvola, basszusgit\u00e1r sz\u00f3lamokat is meg\u00edrom szem\u00e9lyre sz\u00f3l\u00f3an, figyelembe v\u00e9ve a hangszeres tud\u00e1st. (nem zen\u00e9szekr\u0151l van sz\u00f3, hanem amat\u0151r zenekedvel\u0151kr\u0151l, akik egykor zeneiskol\u00e1kban tanultak.)<\/p>\t\t\t\t\t\t\t\t<\/div>\n\t\t\t\t<\/div>\n\t\t\t\t<div class=\"elementor-element elementor-element-1bdc7a5 elementor-widget elementor-widget-text-editor\" data-id=\"1bdc7a5\" data-element_type=\"widget\" data-e-type=\"widget\" data-widget_type=\"text-editor.default\">\n\t\t\t\t<div class=\"elementor-widget-container\">\n\t\t\t\t\t\t\t\t\t<p><strong>Reflexi\u00f3<\/strong><\/p>\t\t\t\t\t\t\t\t<\/div>\n\t\t\t\t<\/div>\n\t\t\t\t<div class=\"elementor-element elementor-element-0c699d4 elementor-widget elementor-widget-text-editor\" data-id=\"0c699d4\" data-element_type=\"widget\" data-e-type=\"widget\" data-widget_type=\"text-editor.default\">\n\t\t\t\t<div class=\"elementor-widget-container\">\n\t\t\t\t\t\t\t\t\t<p>Abban hiszek, hogy nek\u00fcnk kell k\u00f6zelebb menn\u00fcnk a tanulni v\u00e1gy\u00f3khoz, alkalmazkodni a k\u00e9pess\u00e9geikhez, nem pedig ford\u00edtva. Nincsenek irre\u00e1lis elv\u00e1r\u00e1saim, prekoncepci\u00f3im, szeretem magam kialak\u00edtani a v\u00e9lem\u00e9nyem tapasztalataim alapj\u00e1n.<\/p><p>Ezen okb\u00f3l rengeteg h\u00e1tt\u00e9rmunk\u00e1t v\u00e9gzek, legyen sz\u00f3 tan\u00edt\u00e1sr\u00f3l, korrepet\u00edci\u00f3r\u00f3l, k\u00f3rusvezet\u00e9sr\u0151l, t\u00e1boroztat\u00e1sr\u00f3l. Sosem \u201ek\u00e9sz\u201d anyagb\u00f3l dolgozom, mindig alkalmazkodom az adott feladathoz \u00e9s azokhoz a lehet\u0151s\u00e9gekhez, amik rendelkez\u00e9sre \u00e1llnak.<\/p><p>Probl\u00e9mamegold\u00f3 k\u00e9pess\u00e9gem, rugalmass\u00e1gom, tan\u00edtv\u00e1nyaimmal val\u00f3 bar\u00e1ti, szeretetteljes kapcsolatom minden nap megel\u00e9gedetts\u00e9ggel t\u00f6lt el \u00e9s meger\u0151s\u00edti, hogy \u201esaj\u00e1t utamat j\u00e1rom\u201d, m\u00e9g akkor is, ha id\u0151nk\u00e9nt \u201er\u00f6g\u00f6s\u201d ez az \u00fat.<\/p><p>Hasonl\u00f3 munk\u00e1t v\u00e9gzek t\u00e1boraim szervez\u00e9se sor\u00e1n: F\u00e9l \u00e9vet k\u00e9sz\u00fcl\u00f6k a zen\u00e9k kiv\u00e1laszt\u00e1s\u00e1val, el\u0151k\u00e9sz\u00edt\u00e9s\u00e9vel, kott\u00e1k meg\u00edr\u00e1s\u00e1val, hangszerel\u00e9ssel, pontos feladatok kioszt\u00e1s\u00e1val.<\/p><p>A zene a mindennapi kenyerem, ebb\u0151l tudok t\u00f6ltekezni tan\u00edt\u00e1s sor\u00e1n.<\/p><p>Nyitott vagyok a vil\u00e1gra, szeretek \u00faj dolgokat tanulni, befogadni. A v\u00e1ltoz\u00e1sokt\u00f3l nem h\u00e1tr\u00e1lok meg, alkalmazkodom az \u00faj helyzetekhez munk\u00e1m sor\u00e1n \u00e9s mag\u00e1n\u00e9letemben is.\u00a0<\/p><p>K\u00f6nnyen megtal\u00e1lom a hangot tan\u00edtv\u00e1nyaimmal; probl\u00e9m\u00e1ikban, elakad\u00e1saikban val\u00f3di seg\u00edts\u00e9get tudok ny\u00fajtani sz\u00e1mukra, bar\u00e1ti, szeretetteljes l\u00e9gk\u00f6r jellemzi \u00f3r\u00e1imat, ahova sz\u00edvesen j\u00e1rnak di\u00e1kok, feln\u0151ttek egyar\u00e1nt.<\/p>\t\t\t\t\t\t\t\t<\/div>\n\t\t\t\t<\/div>\n\t\t\t\t\t<\/div>\n\t\t<\/div>\n\t\t\t\t\t<\/div>\n\t\t<\/section>\n\t\t\t\t<\/div>","protected":false},"excerpt":{"rendered":"<p>Molitor \u00c9va: szakmai \u00f6n\u00e9letrajz Munkahelyek M\u0171v\u00e9szeti vezet\u0151, \u00fcgyvezet\u0151 igazgat\u00f3 2019- folyamatosanMolitor Music School K\u00f6zhaszn\u00fa Nonprofit Kft.\u00a0 Zongoratan\u00e1r, korrepetitor az al\u00e1bbi int\u00e9zm\u00e9nyekben: 2007-folyamatosan\u00a0\u00a0\u00a0\u00a0\u00a0\u00a0\u00a0\u00a0\u00a0\u00a0 N\u00e9meth L\u00e1szl\u00f3 Alapfok\u00fa M\u0171v\u00e9szetoktat\u00e1si Int\u00e9zm\u00e9ny, G\u00f6d 2005-2007\u00a0\u00a0\u00a0\u00a0\u00a0\u00a0\u00a0\u00a0\u00a0\u00a0\u00a0\u00a0\u00a0\u00a0\u00a0\u00a0\u00a0\u00a0\u00a0\u00a0\u00a0\u00a0\u00a0\u00a0\u00a0 \u00d3budai Waldorf Iskola 2004-2007\u00a0\u00a0\u00a0\u00a0\u00a0\u00a0\u00a0\u00a0\u00a0\u00a0\u00a0\u00a0\u00a0\u00a0\u00a0\u00a0\u00a0\u00a0\u00a0\u00a0\u00a0\u00a0\u00a0\u00a0\u00a0 Prim Alapfok\u00fa M\u0171v\u00e9szetoktat\u00e1si Int\u00e9zm\u00e9ny 2001-2004\u00a0\u00a0\u00a0\u00a0\u00a0\u00a0\u00a0\u00a0\u00a0\u00a0\u00a0\u00a0\u00a0\u00a0\u00a0\u00a0\u00a0\u00a0\u00a0\u00a0\u00a0\u00a0\u00a0\u00a0\u00a0 Fischer Annie Zeneiskola, Budapest 1988-1990\u00a0\u00a0\u00a0\u00a0\u00a0\u00a0\u00a0\u00a0\u00a0\u00a0\u00a0\u00a0\u00a0\u00a0\u00a0\u00a0\u00a0\u00a0\u00a0\u00a0\u00a0\u00a0\u00a0\u00a0\u00a0 Szigetv\u00e1ri, Koml\u00f3i \u00e9s Sellyei Zeneiskola (k\u00e9pes\u00edt\u00e9s n\u00e9lk\u00fcl) Tanulm\u00e1nyok 1993-1998\u00a0\u00a0\u00a0\u00a0\u00a0\u00a0\u00a0\u00a0\u00a0\u00a0\u00a0\u00a0\u00a0\u00a0\u00a0\u00a0\u00a0\u00a0\u00a0\u00a0\u00a0\u00a0\u00a0\u00a0\u00a0 Leopold Mozart Zeneakad\u00e9mia, [&hellip;]<\/p>","protected":false},"author":1,"featured_media":0,"parent":0,"menu_order":0,"comment_status":"closed","ping_status":"closed","template":"","meta":{"footnotes":""},"class_list":["post-1832","page","type-page","status-publish","hentry"],"yoast_head":"<!-- This site is optimized with the Yoast SEO plugin v26.2 - https:\/\/yoast.com\/wordpress\/plugins\/seo\/ -->\n<title>Molitor \u00c9va - Molitor Music School<\/title>\n<meta name=\"robots\" content=\"index, follow, max-snippet:-1, max-image-preview:large, max-video-preview:-1\" \/>\n<link rel=\"canonical\" href=\"https:\/\/molitormusicschool.hu\/en\/molitor-eva\/\" \/>\n<meta property=\"og:locale\" content=\"en_GB\" \/>\n<meta property=\"og:type\" content=\"article\" \/>\n<meta property=\"og:title\" content=\"Molitor \u00c9va - Molitor Music School\" \/>\n<meta property=\"og:description\" content=\"Molitor \u00c9va: szakmai \u00f6n\u00e9letrajz Munkahelyek M\u0171v\u00e9szeti vezet\u0151, \u00fcgyvezet\u0151 igazgat\u00f3 2019- folyamatosanMolitor Music School K\u00f6zhaszn\u00fa Nonprofit Kft.\u00a0 Zongoratan\u00e1r, korrepetitor az al\u00e1bbi int\u00e9zm\u00e9nyekben: 2007-folyamatosan\u00a0\u00a0\u00a0\u00a0\u00a0\u00a0\u00a0\u00a0\u00a0\u00a0 N\u00e9meth L\u00e1szl\u00f3 Alapfok\u00fa M\u0171v\u00e9szetoktat\u00e1si Int\u00e9zm\u00e9ny, G\u00f6d 2005-2007\u00a0\u00a0\u00a0\u00a0\u00a0\u00a0\u00a0\u00a0\u00a0\u00a0\u00a0\u00a0\u00a0\u00a0\u00a0\u00a0\u00a0\u00a0\u00a0\u00a0\u00a0\u00a0\u00a0\u00a0\u00a0 \u00d3budai Waldorf Iskola 2004-2007\u00a0\u00a0\u00a0\u00a0\u00a0\u00a0\u00a0\u00a0\u00a0\u00a0\u00a0\u00a0\u00a0\u00a0\u00a0\u00a0\u00a0\u00a0\u00a0\u00a0\u00a0\u00a0\u00a0\u00a0\u00a0 Prim Alapfok\u00fa M\u0171v\u00e9szetoktat\u00e1si Int\u00e9zm\u00e9ny 2001-2004\u00a0\u00a0\u00a0\u00a0\u00a0\u00a0\u00a0\u00a0\u00a0\u00a0\u00a0\u00a0\u00a0\u00a0\u00a0\u00a0\u00a0\u00a0\u00a0\u00a0\u00a0\u00a0\u00a0\u00a0\u00a0 Fischer Annie Zeneiskola, Budapest 1988-1990\u00a0\u00a0\u00a0\u00a0\u00a0\u00a0\u00a0\u00a0\u00a0\u00a0\u00a0\u00a0\u00a0\u00a0\u00a0\u00a0\u00a0\u00a0\u00a0\u00a0\u00a0\u00a0\u00a0\u00a0\u00a0 Szigetv\u00e1ri, Koml\u00f3i \u00e9s Sellyei Zeneiskola (k\u00e9pes\u00edt\u00e9s n\u00e9lk\u00fcl) Tanulm\u00e1nyok 1993-1998\u00a0\u00a0\u00a0\u00a0\u00a0\u00a0\u00a0\u00a0\u00a0\u00a0\u00a0\u00a0\u00a0\u00a0\u00a0\u00a0\u00a0\u00a0\u00a0\u00a0\u00a0\u00a0\u00a0\u00a0\u00a0 Leopold Mozart Zeneakad\u00e9mia, [&hellip;]\" \/>\n<meta property=\"og:url\" content=\"https:\/\/molitormusicschool.hu\/en\/molitor-eva\/\" \/>\n<meta property=\"og:site_name\" content=\"Molitor Music School\" \/>\n<meta property=\"article:publisher\" content=\"https:\/\/www.facebook.com\/groups\/541437979253461\" \/>\n<meta property=\"article:modified_time\" content=\"2024-12-11T11:02:33+00:00\" \/>\n<meta name=\"twitter:card\" content=\"summary_large_image\" \/>\n<meta name=\"twitter:label1\" content=\"Estimated reading time\" \/>\n\t<meta name=\"twitter:data1\" content=\"10 minutes\" \/>\n<script type=\"application\/ld+json\" class=\"yoast-schema-graph\">{\"@context\":\"https:\/\/schema.org\",\"@graph\":[{\"@type\":\"WebPage\",\"@id\":\"https:\/\/molitormusicschool.hu\/molitor-eva\/\",\"url\":\"https:\/\/molitormusicschool.hu\/molitor-eva\/\",\"name\":\"Molitor \u00c9va - Molitor Music School\",\"isPartOf\":{\"@id\":\"https:\/\/molitormusicschool.hu\/#website\"},\"datePublished\":\"2024-05-05T16:44:03+00:00\",\"dateModified\":\"2024-12-11T11:02:33+00:00\",\"breadcrumb\":{\"@id\":\"https:\/\/molitormusicschool.hu\/molitor-eva\/#breadcrumb\"},\"inLanguage\":\"en-GB\",\"potentialAction\":[{\"@type\":\"ReadAction\",\"target\":[\"https:\/\/molitormusicschool.hu\/molitor-eva\/\"]}]},{\"@type\":\"BreadcrumbList\",\"@id\":\"https:\/\/molitormusicschool.hu\/molitor-eva\/#breadcrumb\",\"itemListElement\":[{\"@type\":\"ListItem\",\"position\":1,\"name\":\"Kezd\u0151lap\",\"item\":\"https:\/\/molitormusicschool.hu\/\"},{\"@type\":\"ListItem\",\"position\":2,\"name\":\"Molitor \u00c9va\"}]},{\"@type\":\"WebSite\",\"@id\":\"https:\/\/molitormusicschool.hu\/#website\",\"url\":\"https:\/\/molitormusicschool.hu\/\",\"name\":\"Molitor Music School\",\"description\":\"\",\"publisher\":{\"@id\":\"https:\/\/molitormusicschool.hu\/#organization\"},\"potentialAction\":[{\"@type\":\"SearchAction\",\"target\":{\"@type\":\"EntryPoint\",\"urlTemplate\":\"https:\/\/molitormusicschool.hu\/?s={search_term_string}\"},\"query-input\":{\"@type\":\"PropertyValueSpecification\",\"valueRequired\":true,\"valueName\":\"search_term_string\"}}],\"inLanguage\":\"en-GB\"},{\"@type\":\"Organization\",\"@id\":\"https:\/\/molitormusicschool.hu\/#organization\",\"name\":\"Molitor Music School K\u00f6zhaszn\u00fa Nonprofit Kft.\",\"url\":\"https:\/\/molitormusicschool.hu\/\",\"logo\":{\"@type\":\"ImageObject\",\"inLanguage\":\"en-GB\",\"@id\":\"https:\/\/molitormusicschool.hu\/#\/schema\/logo\/image\/\",\"url\":\"https:\/\/molitormusicschool.hu\/wp-content\/uploads\/2023\/01\/logo-feher.png\",\"contentUrl\":\"https:\/\/molitormusicschool.hu\/wp-content\/uploads\/2023\/01\/logo-feher.png\",\"width\":400,\"height\":184,\"caption\":\"Molitor Music School K\u00f6zhaszn\u00fa Nonprofit Kft.\"},\"image\":{\"@id\":\"https:\/\/molitormusicschool.hu\/#\/schema\/logo\/image\/\"},\"sameAs\":[\"https:\/\/www.facebook.com\/groups\/541437979253461\",\"https:\/\/www.youtube.com\/playlist?list=PLdzTrYmjJtrECyQAHnw-JG4l5ZYOqX0nM\"]}]}<\/script>\n<!-- \/ Yoast SEO plugin. -->","yoast_head_json":{"title":"Molitor \u00c9va - Molitor Music School","robots":{"index":"index","follow":"follow","max-snippet":"max-snippet:-1","max-image-preview":"max-image-preview:large","max-video-preview":"max-video-preview:-1"},"canonical":"https:\/\/molitormusicschool.hu\/en\/molitor-eva\/","og_locale":"en_GB","og_type":"article","og_title":"Molitor \u00c9va - Molitor Music School","og_description":"Molitor \u00c9va: szakmai \u00f6n\u00e9letrajz Munkahelyek M\u0171v\u00e9szeti vezet\u0151, \u00fcgyvezet\u0151 igazgat\u00f3 2019- folyamatosanMolitor Music School K\u00f6zhaszn\u00fa Nonprofit Kft.\u00a0 Zongoratan\u00e1r, korrepetitor az al\u00e1bbi int\u00e9zm\u00e9nyekben: 2007-folyamatosan\u00a0\u00a0\u00a0\u00a0\u00a0\u00a0\u00a0\u00a0\u00a0\u00a0 N\u00e9meth L\u00e1szl\u00f3 Alapfok\u00fa M\u0171v\u00e9szetoktat\u00e1si Int\u00e9zm\u00e9ny, G\u00f6d 2005-2007\u00a0\u00a0\u00a0\u00a0\u00a0\u00a0\u00a0\u00a0\u00a0\u00a0\u00a0\u00a0\u00a0\u00a0\u00a0\u00a0\u00a0\u00a0\u00a0\u00a0\u00a0\u00a0\u00a0\u00a0\u00a0 \u00d3budai Waldorf Iskola 2004-2007\u00a0\u00a0\u00a0\u00a0\u00a0\u00a0\u00a0\u00a0\u00a0\u00a0\u00a0\u00a0\u00a0\u00a0\u00a0\u00a0\u00a0\u00a0\u00a0\u00a0\u00a0\u00a0\u00a0\u00a0\u00a0 Prim Alapfok\u00fa M\u0171v\u00e9szetoktat\u00e1si Int\u00e9zm\u00e9ny 2001-2004\u00a0\u00a0\u00a0\u00a0\u00a0\u00a0\u00a0\u00a0\u00a0\u00a0\u00a0\u00a0\u00a0\u00a0\u00a0\u00a0\u00a0\u00a0\u00a0\u00a0\u00a0\u00a0\u00a0\u00a0\u00a0 Fischer Annie Zeneiskola, Budapest 1988-1990\u00a0\u00a0\u00a0\u00a0\u00a0\u00a0\u00a0\u00a0\u00a0\u00a0\u00a0\u00a0\u00a0\u00a0\u00a0\u00a0\u00a0\u00a0\u00a0\u00a0\u00a0\u00a0\u00a0\u00a0\u00a0 Szigetv\u00e1ri, Koml\u00f3i \u00e9s Sellyei Zeneiskola (k\u00e9pes\u00edt\u00e9s n\u00e9lk\u00fcl) Tanulm\u00e1nyok 1993-1998\u00a0\u00a0\u00a0\u00a0\u00a0\u00a0\u00a0\u00a0\u00a0\u00a0\u00a0\u00a0\u00a0\u00a0\u00a0\u00a0\u00a0\u00a0\u00a0\u00a0\u00a0\u00a0\u00a0\u00a0\u00a0 Leopold Mozart Zeneakad\u00e9mia, [&hellip;]","og_url":"https:\/\/molitormusicschool.hu\/en\/molitor-eva\/","og_site_name":"Molitor Music School","article_publisher":"https:\/\/www.facebook.com\/groups\/541437979253461","article_modified_time":"2024-12-11T11:02:33+00:00","twitter_card":"summary_large_image","twitter_misc":{"Estimated reading time":"10 minutes"},"schema":{"@context":"https:\/\/schema.org","@graph":[{"@type":"WebPage","@id":"https:\/\/molitormusicschool.hu\/molitor-eva\/","url":"https:\/\/molitormusicschool.hu\/molitor-eva\/","name":"Molitor \u00c9va - Molitor Music School","isPartOf":{"@id":"https:\/\/molitormusicschool.hu\/#website"},"datePublished":"2024-05-05T16:44:03+00:00","dateModified":"2024-12-11T11:02:33+00:00","breadcrumb":{"@id":"https:\/\/molitormusicschool.hu\/molitor-eva\/#breadcrumb"},"inLanguage":"en-GB","potentialAction":[{"@type":"ReadAction","target":["https:\/\/molitormusicschool.hu\/molitor-eva\/"]}]},{"@type":"BreadcrumbList","@id":"https:\/\/molitormusicschool.hu\/molitor-eva\/#breadcrumb","itemListElement":[{"@type":"ListItem","position":1,"name":"Kezd\u0151lap","item":"https:\/\/molitormusicschool.hu\/"},{"@type":"ListItem","position":2,"name":"Molitor \u00c9va"}]},{"@type":"WebSite","@id":"https:\/\/molitormusicschool.hu\/#website","url":"https:\/\/molitormusicschool.hu\/","name":"Molitor Music School","description":"","publisher":{"@id":"https:\/\/molitormusicschool.hu\/#organization"},"potentialAction":[{"@type":"SearchAction","target":{"@type":"EntryPoint","urlTemplate":"https:\/\/molitormusicschool.hu\/?s={search_term_string}"},"query-input":{"@type":"PropertyValueSpecification","valueRequired":true,"valueName":"search_term_string"}}],"inLanguage":"en-GB"},{"@type":"Organization","@id":"https:\/\/molitormusicschool.hu\/#organization","name":"Molitor Music School K\u00f6zhaszn\u00fa Nonprofit Kft.","url":"https:\/\/molitormusicschool.hu\/","logo":{"@type":"ImageObject","inLanguage":"en-GB","@id":"https:\/\/molitormusicschool.hu\/#\/schema\/logo\/image\/","url":"https:\/\/molitormusicschool.hu\/wp-content\/uploads\/2023\/01\/logo-feher.png","contentUrl":"https:\/\/molitormusicschool.hu\/wp-content\/uploads\/2023\/01\/logo-feher.png","width":400,"height":184,"caption":"Molitor Music School K\u00f6zhaszn\u00fa Nonprofit Kft."},"image":{"@id":"https:\/\/molitormusicschool.hu\/#\/schema\/logo\/image\/"},"sameAs":["https:\/\/www.facebook.com\/groups\/541437979253461","https:\/\/www.youtube.com\/playlist?list=PLdzTrYmjJtrECyQAHnw-JG4l5ZYOqX0nM"]}]}},"_links":{"self":[{"href":"https:\/\/molitormusicschool.hu\/en\/wp-json\/wp\/v2\/pages\/1832","targetHints":{"allow":["GET"]}}],"collection":[{"href":"https:\/\/molitormusicschool.hu\/en\/wp-json\/wp\/v2\/pages"}],"about":[{"href":"https:\/\/molitormusicschool.hu\/en\/wp-json\/wp\/v2\/types\/page"}],"author":[{"embeddable":true,"href":"https:\/\/molitormusicschool.hu\/en\/wp-json\/wp\/v2\/users\/1"}],"replies":[{"embeddable":true,"href":"https:\/\/molitormusicschool.hu\/en\/wp-json\/wp\/v2\/comments?post=1832"}],"version-history":[{"count":82,"href":"https:\/\/molitormusicschool.hu\/en\/wp-json\/wp\/v2\/pages\/1832\/revisions"}],"predecessor-version":[{"id":2919,"href":"https:\/\/molitormusicschool.hu\/en\/wp-json\/wp\/v2\/pages\/1832\/revisions\/2919"}],"wp:attachment":[{"href":"https:\/\/molitormusicschool.hu\/en\/wp-json\/wp\/v2\/media?parent=1832"}],"curies":[{"name":"wp","href":"https:\/\/api.w.org\/{rel}","templated":true}]}}